{"id":15,"date":"2025-06-25T05:50:22","date_gmt":"2025-06-25T05:50:22","guid":{"rendered":"https:\/\/familium.rent\/coworking\/?page_id=15"},"modified":"2025-07-10T07:54:20","modified_gmt":"2025-07-10T07:54:20","slug":"la-mercadotecnia","status":"publish","type":"page","link":"https:\/\/familium.rent\/coworking\/la-mercadotecnia\/","title":{"rendered":"La mercadotecnia"},"content":{"rendered":"\n<p>Familium ser\u00e1 una marca de prestigio, con publicidad activa y continua, que redundar\u00e1 en un flujo continuo de pacientes nuevos interesados en atenderse con usted.<\/p>\n\n\n\n<p>Todos nuestros inquilinos tendr\u00e1n una p\u00e1gina web especial en nuestro sitio web, que permitir\u00e1 f\u00e1cilmente a cualquier cliente potencial encontrar y sacar una cita con el profesional de la psicolog\u00eda o de la familia que m\u00e1s se adec\u00fae a sus necesidades. Mediante grandes campa\u00f1as publicitarias, a trav\u00e9s de internet y de redes sociales, invitaremos al p\u00fablico en general, a utilizar nuestro sitio web para buscar a su pr\u00f3ximo psic\u00f3logo.<\/p>\n\n\n\n<p>Nuestra mercadotecnia busca ba\u00f1arlo a usted con un aura de prestigio, para que al encntrar su perfil el p\u00fablico no vea un profesional desconocido m\u00e1s online, sino que sienta un encanto especial, por los profesionales que trabajan en Familium.<\/p>\n\n\n\n<p>Ning\u00fan otro edificio de oficinas, ni ning\u00fan consultorio por horas, se esforzar\u00e1 por buscarle clientes nuevos a usted, ni crearle una imagen p\u00fablica de prestigio, pero Familium s\u00ed lo har\u00e1. En Familium, el \u00e9xito de usted es tambi\u00e9n nuestro \u00e9xito.<\/p>\n","protected":false},"excerpt":{"rendered":"<p>Familium ser\u00e1 una marca de prestigio, con publicidad activa y continua, que redundar\u00e1 en un flujo continuo de pacientes nuevos interesados en atenderse con usted. Todos nuestros inquilinos tendr\u00e1n una p\u00e1gina web especial en nuestro sitio web, que permitir\u00e1 f\u00e1cilmente a cualquier cliente potencial encontrar y sacar una cita con el profesional de la psicolog\u00eda [&hellip;]<\/p>\n","protected":false},"author":1,"featured_media":0,"parent":0,"menu_order":0,"comment_status":"closed","ping_status":"closed","template":"","meta":{"footnotes":""},"class_list":["post-15","page","type-page","status-publish","hentry"],"_links":{"self":[{"href":"https:\/\/familium.rent\/coworking\/wp-json\/wp\/v2\/pages\/15","targetHints":{"allow":["GET"]}}],"collection":[{"href":"https:\/\/familium.rent\/coworking\/wp-json\/wp\/v2\/pages"}],"about":[{"href":"https:\/\/familium.rent\/coworking\/wp-json\/wp\/v2\/types\/page"}],"author":[{"embeddable":true,"href":"https:\/\/familium.rent\/coworking\/wp-json\/wp\/v2\/users\/1"}],"replies":[{"embeddable":true,"href":"https:\/\/familium.rent\/coworking\/wp-json\/wp\/v2\/comments?post=15"}],"version-history":[{"count":7,"href":"https:\/\/familium.rent\/coworking\/wp-json\/wp\/v2\/pages\/15\/revisions"}],"predecessor-version":[{"id":107,"href":"https:\/\/familium.rent\/coworking\/wp-json\/wp\/v2\/pages\/15\/revisions\/107"}],"wp:attachment":[{"href":"https:\/\/familium.rent\/coworking\/wp-json\/wp\/v2\/media?parent=15"}],"curies":[{"name":"wp","href":"https:\/\/api.w.org\/{rel}","templated":true}]}}