{"id":37,"date":"2025-06-27T00:38:15","date_gmt":"2025-06-27T00:38:15","guid":{"rendered":"https:\/\/familium.rent\/coworking\/?page_id=37"},"modified":"2025-07-24T06:17:15","modified_gmt":"2025-07-24T06:17:15","slug":"postularse","status":"publish","type":"page","link":"https:\/\/familium.rent\/coworking\/postularse\/","title":{"rendered":"Postularse"},"content":{"rendered":"\n<p>Si usted es un profesional de la psicolog\u00eda interesado en convertirse en inquilino de Familium, utilice esta forma para postularse. Evaluaremos su perfil y en unas semanas le comunicaremos ya sea su admisi\u00f3n inmediata, su colocaci\u00f3n en la lista de espera, o la incompatibilidad de su perfil.<\/p>\n\n\n\n<p>Este formulario breve le tomar\u00e1 aproximadamente 5-7 minutos completarlo. Su env\u00edo inicial no requiere documentos adicionales. Enviar este formulario no lo compromete a realizar ninguna compra y usted puede cancelar o rechazar su admisi\u00f3n sin ning\u00fan problema o condici\u00f3n.<\/p>\n\n\n\n<p>Es necesario contar con c\u00e9dula profesional v\u00e1lida, y el respectivo t\u00edtulo universitario en alg\u00fan campo de la psicolog\u00eda o disciplinas afines (como el psicoan\u00e1lisis, la psicoterapia, la sexolog\u00eda&#8230;), que lo acredite para poder ejercer su profesi\u00f3n en M\u00e9xico, para poder postularse. Cada perfil se eval\u00faa seg\u00fan el m\u00e9rito profesional y la aptitud compatible.<\/p>\n\n\n\n<p>Buscamos tener perfiles diversos, para as\u00ed mantener una oferta diversa que se adec\u00fae a una gran variedad de p\u00fablico potencial: familias con hijos, relaciones de pareja, familias con adultos mayores, etc\u00e9tera. Por lo cual le suplicamos que por favor conteste honestamente todas las preguntas, ya que solo as\u00ed podremos determinar de la mejor manera la compatibilidad de su perfil.<\/p>\n\n\n\n<div class=\"wpcf7 no-js\" id=\"wpcf7-f88-o1\" lang=\"en-US\" dir=\"ltr\" data-wpcf7-id=\"88\">\n<div class=\"screen-reader-response\"><p role=\"status\" aria-live=\"polite\" aria-atomic=\"true\"><\/p> <ul><\/ul><\/div>\n<form action=\"\/coworking\/wp-json\/wp\/v2\/pages\/37#wpcf7-f88-o1\" method=\"post\" class=\"wpcf7-form init\" aria-label=\"Contact form\" novalidate=\"novalidate\" data-status=\"init\">\n<fieldset class=\"hidden-fields-container\"><input type=\"hidden\" name=\"_wpcf7\" value=\"88\" \/><input type=\"hidden\" name=\"_wpcf7_version\" value=\"6.1\" \/><input type=\"hidden\" name=\"_wpcf7_locale\" value=\"en_US\" \/><input type=\"hidden\" name=\"_wpcf7_unit_tag\" value=\"wpcf7-f88-o1\" \/><input type=\"hidden\" name=\"_wpcf7_container_post\" value=\"0\" \/><input type=\"hidden\" name=\"_wpcf7_posted_data_hash\" value=\"\" \/>\n<\/fieldset>\n<p><strong>Datos b\u00e1sicos<\/strong>\n<\/p>\n<p><label>Nombre:<br \/>\n<span class=\"wpcf7-form-control-wrap\" data-name=\"nombre_completo\"><input size=\"40\" maxlength=\"400\" class=\"wpcf7-form-control wpcf7-text wpcf7-validates-as-required\" aria-required=\"true\" aria-invalid=\"false\" value=\"\" type=\"text\" name=\"nombre_completo\" \/><\/span><br \/>\n<\/label>\n<\/p>\n<p><label>Sexo:<br \/>\n<span class=\"wpcf7-form-control-wrap\" data-name=\"sexo\"><span class=\"wpcf7-form-control wpcf7-radio\"><span class=\"wpcf7-list-item first\"><input type=\"radio\" name=\"sexo\" value=\"Hombre\" \/><span class=\"wpcf7-list-item-label\">Hombre<\/span><\/span><span class=\"wpcf7-list-item\"><input type=\"radio\" name=\"sexo\" value=\"Mujer\" \/><span class=\"wpcf7-list-item-label\">Mujer<\/span><\/span><span class=\"wpcf7-list-item last\"><input type=\"radio\" name=\"sexo\" value=\"Otro\" \/><span class=\"wpcf7-list-item-label\">Otro<\/span><\/span><\/span><\/span><br \/>\n<\/label>\n<\/p>\n<p><label>Fecha de nacimiento:<br \/>\n<span class=\"wpcf7-form-control-wrap\" data-name=\"fecha_nacimiento\"><input class=\"wpcf7-form-control wpcf7-date wpcf7-validates-as-required wpcf7-validates-as-date\" aria-required=\"true\" aria-invalid=\"false\" value=\"\" type=\"date\" name=\"fecha_nacimiento\" \/><\/span><br \/>\n<\/label>\n<\/p>\n<p><label>Nacionalidad:<br \/>\n<span class=\"wpcf7-form-control-wrap\" data-name=\"nacionalidad\"><input size=\"40\" maxlength=\"400\" class=\"wpcf7-form-control wpcf7-text wpcf7-validates-as-required\" aria-required=\"true\" aria-invalid=\"false\" value=\"\" type=\"text\" name=\"nacionalidad\" \/><\/span><br \/>\n<\/label>\n<\/p>\n<p><label>Tel\u00e9fono:<br \/>\n<span class=\"wpcf7-form-control-wrap\" data-name=\"telefono\"><input size=\"40\" maxlength=\"400\" class=\"wpcf7-form-control wpcf7-tel wpcf7-validates-as-required wpcf7-text wpcf7-validates-as-tel\" aria-required=\"true\" aria-invalid=\"false\" value=\"\" type=\"tel\" name=\"telefono\" \/><\/span><br \/>\n<\/label>\n<\/p>\n<p><label>Email:<br \/>\n<span class=\"wpcf7-form-control-wrap\" data-name=\"email\"><input size=\"40\" maxlength=\"400\" class=\"wpcf7-form-control wpcf7-email wpcf7-validates-as-required wpcf7-text wpcf7-validates-as-email\" aria-required=\"true\" aria-invalid=\"false\" value=\"\" type=\"email\" name=\"email\" \/><\/span><br \/>\n<\/label>\n<\/p>\n<p><label>\u00bfCu\u00e1ntas horas a la semana necesitar\u00e1 usted rentar? (Pregunta m\u00e9ramente estad\u00edstica, no es un compromiso, ni tampoco hace m\u00e1s atractiva su postulaci\u00f3n el que quiera m\u00e1s o menos horas):<br \/>\n<span class=\"wpcf7-form-control-wrap\" data-name=\"horas_renta\"><input class=\"wpcf7-form-control wpcf7-number wpcf7-validates-as-number campo\" min=\"1\" max=\"80\" step=\"1\" aria-invalid=\"false\" value=\"\" type=\"number\" name=\"horas_renta\" \/><\/span><br \/>\n<\/label>\n<\/p>\n<p><strong>2. Perfil<\/strong>\n<\/p>\n<p><label>\u00bfEl psic\u00f3logo debe ser un mediador que ayude a encontrar o a acordar soluciones concretas a los conflictos en una relaci\u00f3n?<br \/>\n<span class=\"wpcf7-form-control-wrap\" data-name=\"mediador\"><input class=\"wpcf7-form-control wpcf7-number wpcf7-validates-as-number likert-original\" min=\"-3\" max=\"3\" step=\"0.1\" aria-invalid=\"false\" value=\"\" type=\"number\" name=\"mediador\" \/><\/span><br \/>\n<\/label>\n<\/p>\n<p><label>\u00bfLos problemas en una relaci\u00f3n son relativos y dependen de la \u00f3ptica y actitud de cada miembro?<br \/>\n<span class=\"wpcf7-form-control-wrap\" data-name=\"relatividad\"><input class=\"wpcf7-form-control wpcf7-number wpcf7-validates-as-number likert-original\" min=\"-3\" max=\"3\" step=\"0.1\" aria-invalid=\"false\" value=\"\" type=\"number\" name=\"relatividad\" \/><\/span><br \/>\n<\/label>\n<\/p>\n<p><label>\u00bfLa consulta psicol\u00f3gica de una familia o una pareja debe realizarse de manera grupal?<br \/>\n<span class=\"wpcf7-form-control-wrap\" data-name=\"consulta_debe_ser_grupal\"><input class=\"wpcf7-form-control wpcf7-number wpcf7-validates-as-number likert-original\" min=\"-3\" max=\"3\" step=\"0.1\" aria-invalid=\"false\" value=\"\" type=\"number\" name=\"consulta_debe_ser_grupal\" \/><\/span><br \/>\n<\/label>\n<\/p>\n<p><label>\u00bfEs la labor de un psic\u00f3logo diagnosticar y tratar enfermedades mentales?<br \/>\n<span class=\"wpcf7-form-control-wrap\" data-name=\"diagnostico_tratamiento\"><input class=\"wpcf7-form-control wpcf7-number wpcf7-validates-as-number likert-original\" min=\"-3\" max=\"3\" step=\"0.1\" aria-invalid=\"false\" value=\"\" type=\"number\" name=\"diagnostico_tratamiento\" \/><\/span><br \/>\n<\/label>\n<\/p>\n<p><label>\u00bfEs la mente meramente el cerebro y\/o sus procesos qu\u00edmicos y\/o mec\u00e1nicos?<br \/>\n<span class=\"wpcf7-form-control-wrap\" data-name=\"mente_es_cerebro\"><input class=\"wpcf7-form-control wpcf7-number wpcf7-validates-as-number likert-original\" min=\"-3\" max=\"3\" step=\"0.1\" aria-invalid=\"false\" value=\"\" type=\"number\" name=\"mente_es_cerebro\" \/><\/span><br \/>\n<\/label>\n<\/p>\n<p><label>\u00bfEs la labor principal del psic\u00f3logo moldear, corregir o adaptar la conducta de la mente?<br \/>\n<span class=\"wpcf7-form-control-wrap\" data-name=\"conductismo\"><input class=\"wpcf7-form-control wpcf7-number wpcf7-validates-as-number likert-original\" min=\"-3\" max=\"3\" step=\"0.1\" aria-invalid=\"false\" value=\"\" type=\"number\" name=\"conductismo\" \/><\/span><br \/>\n<\/label>\n<\/p>\n<p><label>\u00bfLa psicolog\u00eda debe integrar la perspectiva de g\u00e9nero y el feminismo en su pr\u00e1ctica?<br \/>\n<span class=\"wpcf7-form-control-wrap\" data-name=\"genero_feminismo\"><input class=\"wpcf7-form-control wpcf7-number wpcf7-validates-as-number likert-original\" min=\"-3\" max=\"3\" step=\"0.1\" aria-invalid=\"false\" value=\"\" type=\"number\" name=\"genero_feminismo\" \/><\/span><br \/>\n<\/label>\n<\/p>\n<p><label>Mencione escuelas, movimientos, ideologias, o doctrinas de la psicolog\u00eda que usted apoya o aplica:<br \/>\n<span class=\"wpcf7-form-control-wrap\" data-name=\"ideologias\"><textarea cols=\"40\" rows=\"10\" maxlength=\"2000\" class=\"wpcf7-form-control wpcf7-textarea wpcf7-validates-as-required\" aria-required=\"true\" aria-invalid=\"false\" name=\"ideologias\"><\/textarea><\/span><br \/>\n<\/label>\n<\/p>\n<p><label>Describa c\u00f3mo concibe usted la psicolog\u00eda:<br \/>\n<span class=\"wpcf7-form-control-wrap\" data-name=\"concepto_psicologia\"><textarea cols=\"40\" rows=\"10\" maxlength=\"2000\" class=\"wpcf7-form-control wpcf7-textarea wpcf7-validates-as-required\" aria-required=\"true\" aria-invalid=\"false\" name=\"concepto_psicologia\"><\/textarea><\/span><br \/>\n<\/label>\n<\/p>\n<p><strong>3. Experiencia profesional y preparaci\u00f3n acad\u00e9mica<\/strong>\n<\/p>\n<p><label>Escriba aqu\u00ed su c\u00e9dula profesional. Si tiene varias, escriba la que considere la m\u00e1s relevante:<br \/>\n<span class=\"wpcf7-form-control-wrap\" data-name=\"cedula_profesional\"><input size=\"40\" maxlength=\"400\" class=\"wpcf7-form-control wpcf7-text wpcf7-validates-as-required\" aria-required=\"true\" aria-invalid=\"false\" value=\"\" type=\"text\" name=\"cedula_profesional\" \/><\/span><br \/>\n<\/label>\n<\/p>\n<p><label>Describa su experiencia profesional relevante:<br \/>\n<span class=\"wpcf7-form-control-wrap\" data-name=\"experiencia_profesional\"><textarea cols=\"40\" rows=\"10\" maxlength=\"2000\" class=\"wpcf7-form-control wpcf7-textarea wpcf7-validates-as-required\" aria-required=\"true\" aria-invalid=\"false\" name=\"experiencia_profesional\"><\/textarea><\/span><br \/>\n<\/label>\n<\/p>\n<p><label>Describa su experiencia acad\u00e9mica: t\u00edtulos universitarios, d\u00f3nde estudi\u00f3, las fechas, las c\u00e9dulas profesionales, etc\u00e9tera:<br \/>\n<span class=\"wpcf7-form-control-wrap\" data-name=\"experiencia_academica\"><textarea cols=\"40\" rows=\"10\" maxlength=\"2000\" class=\"wpcf7-form-control wpcf7-textarea wpcf7-validates-as-required\" aria-required=\"true\" aria-invalid=\"false\" name=\"experiencia_academica\"><\/textarea><\/span><br \/>\n<\/label>\n<\/p>\n<p><label>(Opcional) Si lo desea, comente aqu\u00ed sobre cualesquiera proyectos, tesis, investigaciones, art\u00edculos acad\u00e9micos, obras publicadas, certificaciones o experiencias que considere relevante:<br \/>\n<span class=\"wpcf7-form-control-wrap\" data-name=\"proyectos_publicaciones\"><textarea cols=\"40\" rows=\"10\" maxlength=\"2000\" class=\"wpcf7-form-control wpcf7-textarea\" aria-invalid=\"false\" name=\"proyectos_publicaciones\"><\/textarea><\/span><br \/>\n<\/label>\n<\/p>\n<p><label>(Opcional) Si habla usted otras lenguas adem\u00e1s del espa\u00f1ol, por favor enl\u00edstelas aqu\u00ed, especificando su nivel (con la escala: A1 [b\u00e1sico], A2, B1, B2 [medio, conversacional fluido], C1 [avanzado], C2 [casi nativo], o Nativo), mencionando cualquier certificaci\u00f3n que tenga en esa lengua, y aclarando si es usted capaz de ejercer su profesi\u00f3n adecuadamente en esa lengua o no:<br \/>\n<span class=\"wpcf7-form-control-wrap\" data-name=\"idiomas_extra\"><textarea cols=\"40\" rows=\"10\" maxlength=\"2000\" class=\"wpcf7-form-control wpcf7-textarea\" aria-invalid=\"false\" name=\"idiomas_extra\"><\/textarea><\/span><br \/>\n<\/label>\n<\/p>\n<p><strong>4. Comentarios finales<\/strong>\n<\/p>\n<p><label>(Opcional) Puede hacer aqu\u00ed cualquier comentario adicional que tenga:<br \/>\n<span class=\"wpcf7-form-control-wrap\" data-name=\"comentarios_finales\"><textarea cols=\"40\" rows=\"10\" maxlength=\"2000\" class=\"wpcf7-form-control wpcf7-textarea\" aria-invalid=\"false\" name=\"comentarios_finales\"><\/textarea><\/span><br \/>\n<\/label>\n<\/p>\n<p><input class=\"wpcf7-form-control wpcf7-submit has-spinner\" type=\"submit\" value=\"Enviar\" \/>\n<\/p><div class=\"wpcf7-response-output\" aria-hidden=\"true\"><\/div>\n<\/form>\n<\/div>\n\n\n\n\n<style>\n.likert-slider-wrap {\n  margin: 20px 0;\n}\n.likert-slider-range {\n  width: 100%;\n  appearance: none;\n  height: 10px;\n  background: linear-gradient(to right, #d22, #fff, #2b2);\n  border-radius: 6px;\n  outline: none;\n}\n.likert-slider-range::-webkit-slider-thumb,\n.likert-slider-range::-moz-range-thumb {\n  appearance: none;\n  width: 18px;\n  height: 18px;\n  background: #111;\n  border-radius: 50%;\n  cursor: pointer;\n}\n.likert-slider-feedback {\n  font-size: 0.85em;\n  margin-top: 5px;\n}\n<\/style>\n\n<script>\ndocument.addEventListener('DOMContentLoaded', () => {\n  const preguntas = [\n    { name: 'mediador' },\n    { name: 'relatividad' },\n    { name: 'consulta_debe_ser_grupal' },\n    { name: 'diagnostico_tratamiento' },\n    { name: 'mente_es_cerebro' },\n    { name: 'conductismo' },\n    { name: 'genero_feminismo' }\n  ];\n\n  const describir = (v) => {\n    v = parseFloat(v);\n    return v <= -2.5 ? 'Absolutamente en desacuerdo' :\n           v <= -1.5 ? 'Claramente en desacuerdo' :\n           v <= -0.5 ? 'Ligeramente en desacuerdo' :\n           v <=  0.5 ? 'Neutral' :\n           v <=  1.5 ? 'Ligeramente de acuerdo' :\n           v <=  2.5 ? 'Claramente de acuerdo' :\n                       'Absolutamente de acuerdo';\n  };\n\n  preguntas.forEach(({ name }) => {\n    const input = document.querySelector(`input[name=\"${name}\"]`);\n    if (!input) return;\n\n    input.style.display = 'none'; \/\/ ocultamos el input nativo\n\n    const wrapper = document.createElement('div');\n    wrapper.className = 'likert-slider-wrap';\n\n    wrapper.innerHTML = `\n      <input type=\"range\" min=\"-3\" max=\"3\" step=\"0.1\" value=\"${input.value || 0}\" class=\"likert-slider-range\">\n      <div class=\"likert-slider-feedback\">\n        <strong class=\"val\">${input.value || 0}<\/strong> \u2013 <span class=\"desc\">${describir(input.value || 0)}<\/span>\n      <\/div>`;\n\n    input.insertAdjacentElement('afterend', wrapper);\n\n    const slider = wrapper.querySelector('input[type=range]');\n    const valDisplay = wrapper.querySelector('.val');\n    const descDisplay = wrapper.querySelector('.desc');\n\n    slider.addEventListener('input', () => {\n      const val = parseFloat(slider.value).toFixed(1);\n      input.value = val;\n      valDisplay.textContent = val;\n      descDisplay.textContent = describir(val);\n    });\n  });\n});\n<\/script>\n","protected":false},"excerpt":{"rendered":"<p>Si usted es un profesional de la psicolog\u00eda interesado en convertirse en inquilino de Familium, utilice esta forma para postularse. Evaluaremos su perfil y en unas semanas le comunicaremos ya sea su admisi\u00f3n inmediata, su colocaci\u00f3n en la lista de espera, o la incompatibilidad de su perfil. Este formulario breve le tomar\u00e1 aproximadamente 5-7 minutos [&hellip;]<\/p>\n","protected":false},"author":1,"featured_media":0,"parent":0,"menu_order":0,"comment_status":"closed","ping_status":"closed","template":"","meta":{"footnotes":""},"class_list":["post-37","page","type-page","status-publish","hentry"],"_links":{"self":[{"href":"https:\/\/familium.rent\/coworking\/wp-json\/wp\/v2\/pages\/37","targetHints":{"allow":["GET"]}}],"collection":[{"href":"https:\/\/familium.rent\/coworking\/wp-json\/wp\/v2\/pages"}],"about":[{"href":"https:\/\/familium.rent\/coworking\/wp-json\/wp\/v2\/types\/page"}],"author":[{"embeddable":true,"href":"https:\/\/familium.rent\/coworking\/wp-json\/wp\/v2\/users\/1"}],"replies":[{"embeddable":true,"href":"https:\/\/familium.rent\/coworking\/wp-json\/wp\/v2\/comments?post=37"}],"version-history":[{"count":17,"href":"https:\/\/familium.rent\/coworking\/wp-json\/wp\/v2\/pages\/37\/revisions"}],"predecessor-version":[{"id":125,"href":"https:\/\/familium.rent\/coworking\/wp-json\/wp\/v2\/pages\/37\/revisions\/125"}],"wp:attachment":[{"href":"https:\/\/familium.rent\/coworking\/wp-json\/wp\/v2\/media?parent=37"}],"curies":[{"name":"wp","href":"https:\/\/api.w.org\/{rel}","templated":true}]}}